{"id":3665,"date":"2022-01-27T13:57:27","date_gmt":"2022-01-27T13:57:27","guid":{"rendered":"http:\/\/www.caribbeantours.ch\/presencia-en-ferias\/"},"modified":"2026-02-04T11:18:35","modified_gmt":"2026-02-04T11:18:35","slug":"presencia-en-ferias","status":"publish","type":"page","link":"https:\/\/www.caribbeantours.ch\/es\/presencia-en-ferias\/","title":{"rendered":"Presencia en Ferias"},"content":{"rendered":"<p>[vc_row unlock_row_content=&#8221;yes&#8221; row_height_percent=&#8221;0&#8243; override_padding=&#8221;yes&#8221; h_padding=&#8221;2&#8243; top_padding=&#8221;2&#8243; bottom_padding=&#8221;3&#8243; overlay_alpha=&#8221;50&#8243; gutter_size=&#8221;3&#8243; column_width_percent=&#8221;100&#8243; shift_y=&#8221;0&#8243; z_index=&#8221;0&#8243; medium_visibility=&#8221;yes&#8221; mobile_visibility=&#8221;yes&#8221; el_class=&#8221;headline-section&#8221;][vc_column column_width_percent=&#8221;100&#8243; align_horizontal=&#8221;align_center&#8221; gutter_size=&#8221;3&#8243; overlay_alpha=&#8221;50&#8243; shift_x=&#8221;0&#8243; shift_y=&#8221;0&#8243; shift_y_down=&#8221;0&#8243; z_index=&#8221;0&#8243; medium_width=&#8221;0&#8243; mobile_width=&#8221;0&#8243; width=&#8221;1\/1&#8243;][vc_custom_heading heading_semantic=&#8221;h1&#8243; text_size=&#8221;h1&#8243; text_weight=&#8221;900&#8243; css_animation=&#8221;curtain-words&#8221; el_class=&#8221;quad-bottom-padding&#8221;]<span class=\"heading-text-highlight \" data-atts='{\"bg\":\"style-color-771824-bg\",\"height\":\"10%\",\"offset\":\"0\",\"opacity\":\"0.75\",\"animated\":\"yes\"}'>Presencia en Ferias<\/span><\/p>\n<div class=\"animated-subtitle\">\u00a1Caribbean Tours de Gira!<\/div>\n<p>[\/vc_custom_heading][vc_wp_custommenu nav_menu=&#8221;8&#8243; nav_menu_horizontal=&#8221;1&#8243;][\/vc_column][\/vc_row][vc_row unlock_row_content=&#8221;yes&#8221; row_height_percent=&#8221;0&#8243; override_padding=&#8221;yes&#8221; h_padding=&#8221;0&#8243; top_padding=&#8221;3&#8243; bottom_padding=&#8221;5&#8243; overlay_alpha=&#8221;50&#8243; gutter_size=&#8221;3&#8243; column_width_percent=&#8221;100&#8243; shift_y=&#8221;0&#8243; z_index=&#8221;0&#8243; desktop_visibility=&#8221;yes&#8221; el_class=&#8221;headline-section&#8221;][vc_column column_width_percent=&#8221;100&#8243; align_horizontal=&#8221;align_center&#8221; gutter_size=&#8221;3&#8243; overlay_alpha=&#8221;50&#8243; shift_x=&#8221;0&#8243; shift_y=&#8221;0&#8243; shift_y_down=&#8221;0&#8243; z_index=&#8221;0&#8243; medium_width=&#8221;0&#8243; mobile_width=&#8221;0&#8243; width=&#8221;1\/1&#8243;][vc_custom_heading heading_semantic=&#8221;h1&#8243; text_size=&#8221;h1&#8243; text_weight=&#8221;900&#8243; css_animation=&#8221;curtain-words&#8221;]<span class=\"heading-text-highlight \" data-atts='{\"bg\":\"style-color-771824-bg\",\"height\":\"10%\",\"offset\":\"0\",\"opacity\":\"0.75\",\"animated\":\"yes\"}'>Presencia en Ferias<\/span><\/p>\n<div class=\"animated-subtitle\">\u00a1Caribbean Tours de Gira!<\/div>\n<p>[\/vc_custom_heading][\/vc_column][\/vc_row][vc_row unlock_row_content=&#8221;yes&#8221; row_height_percent=&#8221;0&#8243; override_padding=&#8221;yes&#8221; h_padding=&#8221;0&#8243; top_padding=&#8221;0&#8243; bottom_padding=&#8221;0&#8243; overlay_alpha=&#8221;50&#8243; gutter_size=&#8221;3&#8243; column_width_percent=&#8221;100&#8243; shift_y=&#8221;0&#8243; z_index=&#8221;0&#8243; el_class=&#8221;top-banner-section&#8221; front_end_with_slider=&#8221;true&#8221;][vc_column column_width_percent=&#8221;100&#8243; gutter_size=&#8221;3&#8243; override_padding=&#8221;yes&#8221; column_padding=&#8221;0&#8243; overlay_alpha=&#8221;50&#8243; shift_x=&#8221;0&#8243; shift_y=&#8221;0&#8243; shift_y_down=&#8221;0&#8243; z_index=&#8221;0&#8243; medium_width=&#8221;0&#8243; mobile_width=&#8221;0&#8243; width=&#8221;1\/1&#8243;][uncode_slider slider_interval=&#8221;3000&#8243; slider_navspeed=&#8221;400&#8243; slider_loop=&#8221;yes&#8221; slider_hide_dots=&#8221;yes&#8221;][vc_row_inner row_inner_height_percent=&#8221;100&#8243; overlay_alpha=&#8221;50&#8243; gutter_size=&#8221;3&#8243; shift_y=&#8221;0&#8243; z_index=&#8221;0&#8243; limit_content=&#8221;&#8221; front_end_with_slider=&#8221;true&#8221;][vc_column_inner column_width_percent=&#8221;100&#8243; gutter_size=&#8221;3&#8243; overlay_alpha=&#8221;50&#8243; shift_x=&#8221;0&#8243; shift_y=&#8221;0&#8243; shift_y_down=&#8221;0&#8243; z_index=&#8221;0&#8243; medium_width=&#8221;0&#8243; mobile_width=&#8221;0&#8243; width=&#8221;1\/1&#8243;][vc_single_image media=&#8221;3892&#8243; media_width_percent=&#8221;100&#8243;][\/vc_column_inner][\/vc_row_inner][\/uncode_slider][\/vc_column][\/vc_row][vc_row unlock_row_content=&#8221;yes&#8221; row_height_percent=&#8221;0&#8243; override_padding=&#8221;yes&#8221; h_padding=&#8221;0&#8243; top_padding=&#8221;7&#8243; bottom_padding=&#8221;4&#8243; overlay_alpha=&#8221;50&#8243; gutter_size=&#8221;3&#8243; column_width_percent=&#8221;100&#8243; shift_y=&#8221;0&#8243; z_index=&#8221;0&#8243; el_class=&#8221;intro-section&#8221;][vc_column column_width_use_pixel=&#8221;yes&#8221; gutter_size=&#8221;3&#8243; overlay_alpha=&#8221;50&#8243; shift_x=&#8221;0&#8243; shift_y=&#8221;0&#8243; shift_y_down=&#8221;0&#8243; z_index=&#8221;0&#8243; medium_width=&#8221;0&#8243; mobile_width=&#8221;0&#8243; width=&#8221;1\/1&#8243;][vc_custom_heading text_size=&#8221;fontsize-102324&#8243; text_weight=&#8221;900&#8243;]Presencia en <span class=\"heading-text-highlight \" data-atts='{\"bg\":\"style-color-771824-bg\",\"height\":\"10%\",\"offset\":\"0\",\"opacity\":\"0.75\",\"animated\":\"yes\"}'>Ferias<\/span>[\/vc_custom_heading][vc_row_inner limit_content=&#8221;&#8221;][vc_column_inner width=&#8221;1\/1&#8243;][vc_column_text css_animation=&#8221;bottom-t-top&#8221; el_class=&#8221;two-columns&#8221;]\u00bfQuisieras encontrarte con nosotros en una de las ferias de viaje en alg\u00fan lugar del mundo? Las ferias de viajes son para Caribbean Tours un punto de encuentro tradicional con nuestros socios. En nuestra agenda del 2022 y 2023 est\u00e1n las siguientes ferias y eventos. Esperamos darte la bienvenida en alguno de ellos.[\/vc_column_text][\/vc_column_inner][\/vc_row_inner][\/vc_column][\/vc_row][vc_row row_height_percent=&#8221;0&#8243; override_padding=&#8221;yes&#8221; h_padding=&#8221;2&#8243; top_padding=&#8221;4&#8243; bottom_padding=&#8221;2&#8243; overlay_alpha=&#8221;50&#8243; gutter_size=&#8221;3&#8243; column_width_percent=&#8221;100&#8243; shift_y=&#8221;0&#8243; z_index=&#8221;0&#8243; el_class=&#8221;trade-fair-section&#8221;][vc_column width=&#8221;1\/1&#8243;][vc_custom_heading text_size=&#8221;fontsize-102324&#8243; text_weight=&#8221;900&#8243;]Esperamos poder darle la bienvenida personalmente en\u2026[\/vc_custom_heading][\/vc_column][\/vc_row][vc_row row_height_percent=&#8221;0&#8243; override_padding=&#8221;yes&#8221; h_padding=&#8221;2&#8243; top_padding=&#8221;4&#8243; bottom_padding=&#8221;2&#8243; overlay_alpha=&#8221;50&#8243; gutter_size=&#8221;3&#8243; column_width_percent=&#8221;100&#8243; shift_y=&#8221;0&#8243; z_index=&#8221;0&#8243; el_class=&#8221;trade-fair-section&#8221;][vc_column width=&#8221;1\/1&#8243;][vc_row_inner row_inner_height_percent=&#8221;0&#8243; overlay_alpha=&#8221;50&#8243; equal_height=&#8221;yes&#8221; gutter_size=&#8221;3&#8243; shift_y=&#8221;0&#8243; z_index=&#8221;0&#8243; limit_content=&#8221;&#8221;][vc_column_inner column_width_percent=&#8221;100&#8243; position_vertical=&#8221;middle&#8221; align_horizontal=&#8221;align_right&#8221; gutter_size=&#8221;3&#8243; overlay_alpha=&#8221;50&#8243; shift_x=&#8221;0&#8243; shift_y=&#8221;0&#8243; shift_y_down=&#8221;0&#8243; z_index=&#8221;0&#8243; medium_width=&#8221;0&#8243; mobile_width=&#8221;0&#8243; width=&#8221;1\/4&#8243; el_class=&#8221;right-fair-column&#8221;][vc_column_text]<\/p>\n<h3>FITUR 2026<\/h3>\n<p>21 de enero de 2026 \u2013 25 de enero de 2026<br \/>Estamos asistiendo como visitantes. Las reuniones programadas son bienvenidas.<br \/>Aqu\u00ed participa: Pablo Zambrano, CEO.[\/vc_column_text][\/vc_column_inner][vc_column_inner width=&#8221;3\/4&#8243;][vc_single_image media=&#8221;8230&#8243; media_width_use_pixel=&#8221;yes&#8221; media_width_pixel=&#8221;924&#8243;][\/vc_column_inner][\/vc_row_inner][\/vc_column][\/vc_row][vc_row row_height_percent=&#8221;0&#8243; override_padding=&#8221;yes&#8221; h_padding=&#8221;2&#8243; top_padding=&#8221;2&#8243; bottom_padding=&#8221;4&#8243; overlay_alpha=&#8221;50&#8243; gutter_size=&#8221;3&#8243; column_width_percent=&#8221;100&#8243; shift_y=&#8221;0&#8243; z_index=&#8221;0&#8243; el_class=&#8221;trade-fair-section&#8221;][vc_column width=&#8221;1\/1&#8243;][vc_row_inner row_inner_height_percent=&#8221;0&#8243; overlay_alpha=&#8221;50&#8243; equal_height=&#8221;yes&#8221; gutter_size=&#8221;3&#8243; shift_y=&#8221;0&#8243; z_index=&#8221;2&#8243; limit_content=&#8221;&#8221;][vc_column_inner width=&#8221;3\/4&#8243;][vc_single_image media=&#8221;18427&#8243; media_width_use_pixel=&#8221;yes&#8221; media_width_pixel=&#8221;924&#8243;][\/vc_column_inner][vc_column_inner column_width_percent=&#8221;100&#8243; position_vertical=&#8221;middle&#8221; gutter_size=&#8221;3&#8243; overlay_alpha=&#8221;50&#8243; shift_x=&#8221;0&#8243; shift_y=&#8221;0&#8243; shift_y_down=&#8221;0&#8243; z_index=&#8221;0&#8243; medium_width=&#8221;0&#8243; mobile_width=&#8221;0&#8243; width=&#8221;1\/4&#8243; el_class=&#8221;left-fair-column&#8221;][vc_column_text]<\/p>\n<h3>ESPACIO SUR 2026<\/h3>\n<p>Valle de Bravo &amp; Av\u00e1ndaro, M\u00e9xico<br \/>10 de febrero de 2026 \u2013 13 de febrero de 2026<br \/>Aqu\u00ed participan:<br \/>\u2013 Sarah Foda <small>(Destination Manager CUBA)<\/small>,<br \/>\u2013 Yahicet Cuesta <small>(Head of Sales Private &amp; Luxury CUBA)<\/small>.[\/vc_column_text][\/vc_column_inner][\/vc_row_inner][vc_row_inner row_inner_height_percent=&#8221;0&#8243; overlay_alpha=&#8221;50&#8243; equal_height=&#8221;yes&#8221; gutter_size=&#8221;3&#8243; shift_y=&#8221;-5&#8243; z_index=&#8221;0&#8243; limit_content=&#8221;&#8221;][vc_column_inner column_width_percent=&#8221;100&#8243; position_vertical=&#8221;bottom&#8221; align_horizontal=&#8221;align_right&#8221; gutter_size=&#8221;3&#8243; overlay_alpha=&#8221;50&#8243; shift_x=&#8221;0&#8243; shift_y=&#8221;0&#8243; shift_y_down=&#8221;0&#8243; z_index=&#8221;0&#8243; medium_width=&#8221;0&#8243; mobile_width=&#8221;0&#8243; width=&#8221;1\/4&#8243; el_class=&#8221;right-fair-column bottom-fair-colum&#8221;][vc_column_text]<\/p>\n<h3>ITB Berlin 2026<\/h3>\n<p>3 marzo 2026 \u2013 5 marzo 2026<br \/>Aqu\u00ed participan:<br \/>\u2013 Pablo Zambrano <small>(CEO)<\/small>,<br \/>\u2013 Sarah Foda <small>(Caribbean Tours CUBA)<\/small>,<br \/>\u2013 Angelo Rodr\u00edguez <small>(CT REP\u00daBLICA DOMINICANA)<\/small>,<br \/>\u2013 Oliver Lang <small>(Caribbean Tours M\u00c9XICO)<\/small>.[\/vc_column_text][\/vc_column_inner][vc_column_inner width=&#8221;3\/4&#8243;][vc_single_image media=&#8221;12564&#8243; media_width_use_pixel=&#8221;yes&#8221; media_width_pixel=&#8221;755&#8243;][\/vc_column_inner][\/vc_row_inner][\/vc_column][\/vc_row][vc_row row_height_percent=&#8221;0&#8243; override_padding=&#8221;yes&#8221; h_padding=&#8221;0&#8243; top_padding=&#8221;4&#8243; bottom_padding=&#8221;7&#8243; overlay_alpha=&#8221;50&#8243; gutter_size=&#8221;3&#8243; column_width_percent=&#8221;100&#8243; shift_y=&#8221;0&#8243; z_index=&#8221;0&#8243; el_class=&#8221;why-work-section&#8221;][vc_column column_width_percent=&#8221;100&#8243; gutter_size=&#8221;3&#8243; overlay_alpha=&#8221;50&#8243; shift_x=&#8221;0&#8243; shift_y=&#8221;0&#8243; shift_y_down=&#8221;0&#8243; z_index=&#8221;0&#8243; medium_width=&#8221;0&#8243; mobile_width=&#8221;0&#8243; width=&#8221;1\/1&#8243;][vc_row_inner limit_content=&#8221;&#8221;][vc_column_inner column_width_percent=&#8221;100&#8243; align_horizontal=&#8221;align_right&#8221; gutter_size=&#8221;3&#8243; overlay_alpha=&#8221;50&#8243; shift_x=&#8221;0&#8243; shift_y=&#8221;0&#8243; shift_y_down=&#8221;0&#8243; z_index=&#8221;0&#8243; medium_width=&#8221;0&#8243; mobile_width=&#8221;0&#8243; width=&#8221;1\/2&#8243;][vc_custom_heading heading_semantic=&#8221;h1&#8243; text_font=&#8221;font-144238&#8243; text_size=&#8221;h1&#8243; text_weight=&#8221;900&#8243; text_transform=&#8221;uppercase&#8221; css_animation=&#8221;curtain-words&#8221; animation_speed=&#8221;600&#8243;]por qu\u00e9<br \/>trabajar<br \/>con<br \/><span class=\"heading-text-highlight \" data-atts='{\"bg\":\"style-color-771824-bg\",\"height\":\"15px\",\"offset\":\"0\",\"opacity\":\"0.75\",\"animated\":\"yes\"}'>nosotros<\/span>[\/vc_custom_heading][\/vc_column_inner][vc_column_inner column_width_use_pixel=&#8221;yes&#8221; gutter_size=&#8221;3&#8243; font_family=&#8221;font-172781&#8243; overlay_alpha=&#8221;50&#8243; shift_x=&#8221;0&#8243; shift_y=&#8221;0&#8243; shift_y_down=&#8221;0&#8243; z_index=&#8221;0&#8243; medium_width=&#8221;0&#8243; mobile_width=&#8221;0&#8243; width=&#8221;1\/2&#8243; column_width_pixel=&#8221;498&#8243;][vc_column_text text_lead=&#8221;yes&#8221; css_animation=&#8221;right-t-left&#8221; animation_delay=&#8221;200&#8243;]Conocimiento en tiempo real <br \/>de los destinos que operamos<\/p>\n<p>Nos esforzamos por brindar itinerarios creativos con informaci\u00f3n actualizada y el m\u00e1s alto nivel de servicio para nuestros m\u00e1s de 25,000 clientes por a\u00f1o.[\/vc_column_text][vc_column_text text_lead=&#8221;yes&#8221; css_animation=&#8221;right-t-left&#8221; animation_delay=&#8221;400&#8243;]Experiencias inolvidables y <br \/>momentos inspiradores<\/p>\n<p>Nuestro conocimiento y experiencia locales nos permiten crear experiencias de viaje verdaderamente inspiradoras que van m\u00e1s all\u00e1 de las expectativas.[\/vc_column_text][vc_column_text text_lead=&#8221;yes&#8221; css_animation=&#8221;right-t-left&#8221; animation_delay=&#8221;600&#8243;]Cuba desde lo profundo<\/p>\n<p>Te mostraremos Cuba como la sentimos; una encrucijada de colores y culturas, un peque\u00f1o pa\u00eds enorme en su diversidad y contradicciones.[\/vc_column_text][vc_column_text text_lead=&#8221;yes&#8221; css_animation=&#8221;right-t-left&#8221; animation_delay=&#8221;800&#8243;]Amplia red de socios y <br \/>proveedores locales<\/p>\n<p>Nuestra extensa red de socios y proveedores locales se ha construido a lo largo de 20 a\u00f1os y nos permite ofrecerle lo mejor disponible.[\/vc_column_text][\/vc_column_inner][\/vc_row_inner][\/vc_column][\/vc_row]<\/p>\n","protected":false},"excerpt":{"rendered":"<p>[vc_row unlock_row_content=&#8221;yes&#8221; row_height_percent=&#8221;0&#8243; override_padding=&#8221;yes&#8221; h_padding=&#8221;2&#8243; top_padding=&#8221;2&#8243; bottom_padding=&#8221;3&#8243; overlay_alpha=&#8221;50&#8243; gutter_size=&#8221;3&#8243; column_width_percent=&#8221;100&#8243; shift_y=&#8221;0&#8243; z_index=&#8221;0&#8243; medium_visibility=&#8221;yes&#8221; mobile_visibility=&#8221;yes&#8221; el_class=&#8221;headline-section&#8221;][vc_column column_width_percent=&#8221;100&#8243; align_horizontal=&#8221;align_center&#8221; gutter_size=&#8221;3&#8243; overlay_alpha=&#8221;50&#8243; shift_x=&#8221;0&#8243; [&hellip;]<\/p>\n","protected":false},"author":1,"featured_media":0,"parent":0,"menu_order":0,"comment_status":"closed","ping_status":"closed","template":"","meta":{"_monsterinsights_skip_tracking":false,"_monsterinsights_sitenote_active":false,"_monsterinsights_sitenote_note":"","_monsterinsights_sitenote_category":0,"footnotes":""},"class_list":["post-3665","page","type-page","status-publish","hentry","page_category-caribbean-tours-es"],"yoast_head":"<!-- This site is optimized with the Yoast SEO plugin v25.9 - https:\/\/yoast.com\/wordpress\/plugins\/seo\/ -->\n<title>Caribbean Tours AG \u2013 Presencia en Ferias y Eventos de Viaje<\/title>\n<meta name=\"description\" content=\"En nuestra agenda del 2022 y 2023 est\u00e1n las siguientes ferias y eventos. Esperamos darte la bienvenida en alguno de ellos.\" \/>\n<meta name=\"robots\" content=\"index, follow, max-snippet:-1, max-image-preview:large, max-video-preview:-1\" \/>\n<link rel=\"canonical\" href=\"https:\/\/www.caribbeantours.ch\/trade-fair-presence\/\" \/>\n<meta property=\"og:locale\" content=\"es_ES\" \/>\n<meta property=\"og:type\" content=\"article\" \/>\n<meta property=\"og:title\" content=\"Caribbean Tours AG \u2013 Presencia en Ferias y Eventos de Viaje\" \/>\n<meta property=\"og:description\" content=\"En nuestra agenda del 2022 y 2023 est\u00e1n las siguientes ferias y eventos. Esperamos darte la bienvenida en alguno de ellos.\" \/>\n<meta property=\"og:url\" content=\"https:\/\/www.caribbeantours.ch\/trade-fair-presence\/\" \/>\n<meta property=\"og:site_name\" content=\"Caribbean Tours\" \/>\n<meta property=\"article:publisher\" content=\"https:\/\/www.facebook.com\/caribbeantours.dmc\/\" \/>\n<meta property=\"article:modified_time\" content=\"2026-02-04T11:18:35+00:00\" \/>\n<meta name=\"twitter:card\" content=\"summary_large_image\" \/>\n<meta name=\"twitter:label1\" content=\"Est. reading time\" \/>\n\t<meta name=\"twitter:data1\" content=\"4 minutes\" \/>\n<script type=\"application\/ld+json\" class=\"yoast-schema-graph\">{\"@context\":\"https:\/\/schema.org\",\"@graph\":[{\"@type\":\"WebPage\",\"@id\":\"https:\/\/www.caribbeantours.ch\/trade-fair-presence\/\",\"url\":\"https:\/\/www.caribbeantours.ch\/trade-fair-presence\/\",\"name\":\"Caribbean Tours AG \u2013 Presencia en Ferias y Eventos de Viaje\",\"isPartOf\":{\"@id\":\"https:\/\/www.caribbeantours.ch\/#website\"},\"datePublished\":\"2022-01-27T13:57:27+00:00\",\"dateModified\":\"2026-02-04T11:18:35+00:00\",\"description\":\"En nuestra agenda del 2022 y 2023 est\u00e1n las siguientes ferias y eventos. Esperamos darte la bienvenida en alguno de ellos.\",\"breadcrumb\":{\"@id\":\"https:\/\/www.caribbeantours.ch\/trade-fair-presence\/#breadcrumb\"},\"inLanguage\":\"es-ES\",\"potentialAction\":[{\"@type\":\"ReadAction\",\"target\":[\"https:\/\/www.caribbeantours.ch\/trade-fair-presence\/\"]}]},{\"@type\":\"BreadcrumbList\",\"@id\":\"https:\/\/www.caribbeantours.ch\/trade-fair-presence\/#breadcrumb\",\"itemListElement\":[{\"@type\":\"ListItem\",\"position\":1,\"name\":\"Home\",\"item\":\"https:\/\/www.caribbeantours.ch\/es\/\"},{\"@type\":\"ListItem\",\"position\":2,\"name\":\"Presencia en Ferias\"}]},{\"@type\":\"WebSite\",\"@id\":\"https:\/\/www.caribbeantours.ch\/#website\",\"url\":\"https:\/\/www.caribbeantours.ch\/\",\"name\":\"Caribbean Tours\",\"description\":\"Caribbean Tours - Caribbean DMC\",\"publisher\":{\"@id\":\"https:\/\/www.caribbeantours.ch\/#organization\"},\"potentialAction\":[{\"@type\":\"SearchAction\",\"target\":{\"@type\":\"EntryPoint\",\"urlTemplate\":\"https:\/\/www.caribbeantours.ch\/?s={search_term_string}\"},\"query-input\":{\"@type\":\"PropertyValueSpecification\",\"valueRequired\":true,\"valueName\":\"search_term_string\"}}],\"inLanguage\":\"es-ES\"},{\"@type\":\"Organization\",\"@id\":\"https:\/\/www.caribbeantours.ch\/#organization\",\"name\":\"Caribbean Tours \u2013 DMC para Cuba y el Caribe\",\"url\":\"https:\/\/www.caribbeantours.ch\/\",\"logo\":{\"@type\":\"ImageObject\",\"inLanguage\":\"es-ES\",\"@id\":\"https:\/\/www.caribbeantours.ch\/#\/schema\/logo\/image\/\",\"url\":\"https:\/\/www.caribbeantours.ch\/wp-content\/uploads\/2022\/05\/caribbean-tours-logo.jpg\",\"contentUrl\":\"https:\/\/www.caribbeantours.ch\/wp-content\/uploads\/2022\/05\/caribbean-tours-logo.jpg\",\"width\":822,\"height\":582,\"caption\":\"Caribbean Tours \u2013 DMC para Cuba y el Caribe\"},\"image\":{\"@id\":\"https:\/\/www.caribbeantours.ch\/#\/schema\/logo\/image\/\"},\"sameAs\":[\"https:\/\/www.facebook.com\/caribbeantours.dmc\/\",\"https:\/\/www.linkedin.com\/company\/caribbeantoursag\/\",\"https:\/\/www.instagram.com\/caribbeantours.dmc\/\",\"https:\/\/www.youtube.com\/channel\/UCr_cJanATKlgxJM50AQToXw\"]}]}<\/script>\n<!-- \/ Yoast SEO plugin. -->","yoast_head_json":{"title":"Caribbean Tours AG \u2013 Presencia en Ferias y Eventos de Viaje","description":"En nuestra agenda del 2022 y 2023 est\u00e1n las siguientes ferias y eventos. Esperamos darte la bienvenida en alguno de ellos.","robots":{"index":"index","follow":"follow","max-snippet":"max-snippet:-1","max-image-preview":"max-image-preview:large","max-video-preview":"max-video-preview:-1"},"canonical":"https:\/\/www.caribbeantours.ch\/trade-fair-presence\/","og_locale":"es_ES","og_type":"article","og_title":"Caribbean Tours AG \u2013 Presencia en Ferias y Eventos de Viaje","og_description":"En nuestra agenda del 2022 y 2023 est\u00e1n las siguientes ferias y eventos. Esperamos darte la bienvenida en alguno de ellos.","og_url":"https:\/\/www.caribbeantours.ch\/trade-fair-presence\/","og_site_name":"Caribbean Tours","article_publisher":"https:\/\/www.facebook.com\/caribbeantours.dmc\/","article_modified_time":"2026-02-04T11:18:35+00:00","twitter_card":"summary_large_image","twitter_misc":{"Est. reading time":"4 minutes"},"schema":{"@context":"https:\/\/schema.org","@graph":[{"@type":"WebPage","@id":"https:\/\/www.caribbeantours.ch\/trade-fair-presence\/","url":"https:\/\/www.caribbeantours.ch\/trade-fair-presence\/","name":"Caribbean Tours AG \u2013 Presencia en Ferias y Eventos de Viaje","isPartOf":{"@id":"https:\/\/www.caribbeantours.ch\/#website"},"datePublished":"2022-01-27T13:57:27+00:00","dateModified":"2026-02-04T11:18:35+00:00","description":"En nuestra agenda del 2022 y 2023 est\u00e1n las siguientes ferias y eventos. Esperamos darte la bienvenida en alguno de ellos.","breadcrumb":{"@id":"https:\/\/www.caribbeantours.ch\/trade-fair-presence\/#breadcrumb"},"inLanguage":"es-ES","potentialAction":[{"@type":"ReadAction","target":["https:\/\/www.caribbeantours.ch\/trade-fair-presence\/"]}]},{"@type":"BreadcrumbList","@id":"https:\/\/www.caribbeantours.ch\/trade-fair-presence\/#breadcrumb","itemListElement":[{"@type":"ListItem","position":1,"name":"Home","item":"https:\/\/www.caribbeantours.ch\/es\/"},{"@type":"ListItem","position":2,"name":"Presencia en Ferias"}]},{"@type":"WebSite","@id":"https:\/\/www.caribbeantours.ch\/#website","url":"https:\/\/www.caribbeantours.ch\/","name":"Caribbean Tours","description":"Caribbean Tours - Caribbean DMC","publisher":{"@id":"https:\/\/www.caribbeantours.ch\/#organization"},"potentialAction":[{"@type":"SearchAction","target":{"@type":"EntryPoint","urlTemplate":"https:\/\/www.caribbeantours.ch\/?s={search_term_string}"},"query-input":{"@type":"PropertyValueSpecification","valueRequired":true,"valueName":"search_term_string"}}],"inLanguage":"es-ES"},{"@type":"Organization","@id":"https:\/\/www.caribbeantours.ch\/#organization","name":"Caribbean Tours \u2013 DMC para Cuba y el Caribe","url":"https:\/\/www.caribbeantours.ch\/","logo":{"@type":"ImageObject","inLanguage":"es-ES","@id":"https:\/\/www.caribbeantours.ch\/#\/schema\/logo\/image\/","url":"https:\/\/www.caribbeantours.ch\/wp-content\/uploads\/2022\/05\/caribbean-tours-logo.jpg","contentUrl":"https:\/\/www.caribbeantours.ch\/wp-content\/uploads\/2022\/05\/caribbean-tours-logo.jpg","width":822,"height":582,"caption":"Caribbean Tours \u2013 DMC para Cuba y el Caribe"},"image":{"@id":"https:\/\/www.caribbeantours.ch\/#\/schema\/logo\/image\/"},"sameAs":["https:\/\/www.facebook.com\/caribbeantours.dmc\/","https:\/\/www.linkedin.com\/company\/caribbeantoursag\/","https:\/\/www.instagram.com\/caribbeantours.dmc\/","https:\/\/www.youtube.com\/channel\/UCr_cJanATKlgxJM50AQToXw"]}]}},"_links":{"self":[{"href":"https:\/\/www.caribbeantours.ch\/es\/wp-json\/wp\/v2\/pages\/3665","targetHints":{"allow":["GET"]}}],"collection":[{"href":"https:\/\/www.caribbeantours.ch\/es\/wp-json\/wp\/v2\/pages"}],"about":[{"href":"https:\/\/www.caribbeantours.ch\/es\/wp-json\/wp\/v2\/types\/page"}],"author":[{"embeddable":true,"href":"https:\/\/www.caribbeantours.ch\/es\/wp-json\/wp\/v2\/users\/1"}],"replies":[{"embeddable":true,"href":"https:\/\/www.caribbeantours.ch\/es\/wp-json\/wp\/v2\/comments?post=3665"}],"version-history":[{"count":40,"href":"https:\/\/www.caribbeantours.ch\/es\/wp-json\/wp\/v2\/pages\/3665\/revisions"}],"predecessor-version":[{"id":18434,"href":"https:\/\/www.caribbeantours.ch\/es\/wp-json\/wp\/v2\/pages\/3665\/revisions\/18434"}],"wp:attachment":[{"href":"https:\/\/www.caribbeantours.ch\/es\/wp-json\/wp\/v2\/media?parent=3665"}],"curies":[{"name":"wp","href":"https:\/\/api.w.org\/{rel}","templated":true}]}}